{"id":7410,"date":"2023-11-07T14:01:04","date_gmt":"2023-11-07T11:01:04","guid":{"rendered":"http:\/\/www.phil.bilkent.edu.tr\/?page_id=7410"},"modified":"2026-04-03T15:36:37","modified_gmt":"2026-04-03T12:36:37","slug":"phd-students","status":"publish","type":"page","link":"http:\/\/www.phil.bilkent.edu.tr\/index.php\/phd-students\/","title":{"rendered":"PhD Students"},"content":{"rendered":"\t\t<div data-elementor-type=\"wp-page\" data-elementor-id=\"7410\" class=\"elementor elementor-7410\">\n\t\t\t\t\t\t<section class=\"elementor-section elementor-top-section elementor-element elementor-element-daf978b elementor-section-boxed elementor-section-height-default elementor-section-height-default\" data-id=\"daf978b\" data-element_type=\"section\" data-e-type=\"section\">\n\t\t\t\t\t\t<div class=\"elementor-container elementor-column-gap-default\">\n\t\t\t\t\t<div class=\"elementor-column elementor-col-100 elementor-top-column elementor-element elementor-element-d033a1a\" data-id=\"d033a1a\" data-element_type=\"column\" data-e-type=\"column\">\n\t\t\t<div class=\"elementor-widget-wrap\">\n\t\t\t\t\t\t\t<\/div>\n\t\t<\/div>\n\t\t\t\t\t<\/div>\n\t\t<\/section>\n\t\t\t\t<section class=\"elementor-section elementor-top-section elementor-element elementor-element-be6dbf2 elementor-section-boxed elementor-section-height-default elementor-section-height-default\" data-id=\"be6dbf2\" data-element_type=\"section\" data-e-type=\"section\">\n\t\t\t\t\t\t<div class=\"elementor-container elementor-column-gap-default\">\n\t\t\t\t\t<div class=\"elementor-column elementor-col-50 elementor-top-column elementor-element elementor-element-cdb02a8\" data-id=\"cdb02a8\" data-element_type=\"column\" data-e-type=\"column\">\n\t\t\t<div class=\"elementor-widget-wrap elementor-element-populated\">\n\t\t\t\t\t\t<div class=\"elementor-element elementor-element-9542e75 elementor-widget elementor-widget-image\" data-id=\"9542e75\" data-element_type=\"widget\" data-e-type=\"widget\" data-widget_type=\"image.default\">\n\t\t\t\t<div class=\"elementor-widget-container\">\n\t\t\t\t\t\t\t\t\t\t\t\t\t\t\t<img decoding=\"async\" width=\"150\" height=\"200\" src=\"http:\/\/www.phil.bilkent.edu.tr\/wp-content\/uploads\/2025\/12\/Passport-Photo.jpeg\" class=\"attachment-large size-large wp-image-10736\" alt=\"\" \/>\t\t\t\t\t\t\t\t\t\t\t\t\t\t\t<\/div>\n\t\t\t\t<\/div>\n\t\t\t\t\t<\/div>\n\t\t<\/div>\n\t\t\t\t<div class=\"elementor-column elementor-col-50 elementor-top-column elementor-element elementor-element-9cce478\" data-id=\"9cce478\" data-element_type=\"column\" data-e-type=\"column\">\n\t\t\t<div class=\"elementor-widget-wrap elementor-element-populated\">\n\t\t\t\t\t\t<div class=\"elementor-element elementor-element-2d87ec9 elementor-widget elementor-widget-text-editor\" data-id=\"2d87ec9\" data-element_type=\"widget\" data-e-type=\"widget\" data-widget_type=\"text-editor.default\">\n\t\t\t\t<div class=\"elementor-widget-container\">\n\t\t\t\t\t\t\t\t\t<p style=\"text-align: center;\"><span style=\"font-size: 14pt;\"><strong>Mert Ate\u015fsal<\/strong><\/span><\/p><p>Mert received his BA in Cultural Studies from Sabanc\u0131 University along with minors in Philosophy, Art Theory and Criticism, and Gender Studies. He then completed his MA in Philosophy at Bilkent University with a thesis entitled &#8220;<a href=\"http:\/\/hdl.handle.net\/11693\/110392\">Do We Need Philosophical Ethics? The Case Against a Unified Ethical Methodology<\/a>.&#8221; His primary areas of interest are metaethics, normative ethics, political philosophy and aesthetics. Mert presented his paper entitled &#8216;Reconsidering the Grounds for Public Trust in Science&#8217; during the Joint Session of the Mind and Aristotelian Societies at the University of Glasgow (July 2025). <a href=\"http:\/\/www.phil.bilkent.edu.tr\/index.php\/2024\/11\/02\/story-behind-the-picture-lictors-bringing-to-brutus-the-bodies-of-his-sons\/\">Read his Story Behind the Picture on Jacques-Louis David&#8217;s <em>Lictors Bringing to Brutus the Bodies of His Sons<\/em><\/a>. During Spring 2026 he will be teaching the English part of <a href=\"https:\/\/web4.bilkent.edu.tr\/phileng\/\">Social and Political Philosophy II<\/a>.<\/p><p><strong>Email:<\/strong> mert.atessal@bilkent.edu.tr<br \/><strong>Room: <\/strong>H-Z41<\/p>\t\t\t\t\t\t\t\t<\/div>\n\t\t\t\t<\/div>\n\t\t\t\t\t<\/div>\n\t\t<\/div>\n\t\t\t\t\t<\/div>\n\t\t<\/section>\n\t\t\t\t<section class=\"elementor-section elementor-top-section elementor-element elementor-element-878817d elementor-section-boxed elementor-section-height-default elementor-section-height-default\" data-id=\"878817d\" data-element_type=\"section\" data-e-type=\"section\">\n\t\t\t\t\t\t<div class=\"elementor-container elementor-column-gap-default\">\n\t\t\t\t\t<div class=\"elementor-column elementor-col-50 elementor-top-column elementor-element elementor-element-83a5005\" data-id=\"83a5005\" data-element_type=\"column\" data-e-type=\"column\">\n\t\t\t<div class=\"elementor-widget-wrap elementor-element-populated\">\n\t\t\t\t\t\t<div class=\"elementor-element elementor-element-da76d7b elementor-widget elementor-widget-image\" data-id=\"da76d7b\" data-element_type=\"widget\" data-e-type=\"widget\" data-widget_type=\"image.default\">\n\t\t\t\t<div class=\"elementor-widget-container\">\n\t\t\t\t\t\t\t\t\t\t\t\t\t\t\t<img decoding=\"async\" width=\"150\" height=\"200\" src=\"http:\/\/www.phil.bilkent.edu.tr\/wp-content\/uploads\/2022\/09\/gp_berk2.jpeg\" class=\"attachment-large size-large wp-image-6400\" alt=\"\" \/>\t\t\t\t\t\t\t\t\t\t\t\t\t\t\t<\/div>\n\t\t\t\t<\/div>\n\t\t\t\t\t<\/div>\n\t\t<\/div>\n\t\t\t\t<div class=\"elementor-column elementor-col-50 elementor-top-column elementor-element elementor-element-d84e210\" data-id=\"d84e210\" data-element_type=\"column\" data-e-type=\"column\">\n\t\t\t<div class=\"elementor-widget-wrap elementor-element-populated\">\n\t\t\t\t\t\t<div class=\"elementor-element elementor-element-57f6784 elementor-widget elementor-widget-text-editor\" data-id=\"57f6784\" data-element_type=\"widget\" data-e-type=\"widget\" data-widget_type=\"text-editor.default\">\n\t\t\t\t<div class=\"elementor-widget-container\">\n\t\t\t\t\t\t\t\t\t<p style=\"text-align: center;\"><span style=\"font-size: 14pt;\"><strong>Berk Celayir<br \/><\/strong><\/span><\/p><p><span style=\"background-color: #ffffff;\">Berk received his BA and MA in Philosophy from Bilkent University. <\/span>He is one of the founders of <i><a href=\"https:\/\/prokopton.bilkent.edu.tr\/\">Prokopton<\/a>: Bilkent Undergraduate Journal of Philosophy <\/i>and serves as the Editor-in-Chief of <a href=\"https:\/\/onculanalitikfelsefe.com\/\"><i>\u00d6nc\u00fcl Analitik Felsefe Dergisi<\/i><\/a>. He is also the author of &#8216;<a href=\"https:\/\/akademimkitapligi.com\/kitap\/bilimin-sinirlari\/\">Bilimin S\u0131n\u0131rlar\u0131: Bilim Neyi, Ne Kadar, Nas\u0131l Bilebilir?<\/a>&#8216; His primary areas of interest are Philosophy of Mind, Metaphysics, Philosophy of Science, and Philosophy of Religion.<\/p><p><strong>Email:<\/strong> berk.celayir@bilkent.edu.tr<br \/><strong>Room: <\/strong>H-Z41<\/p>\t\t\t\t\t\t\t\t<\/div>\n\t\t\t\t<\/div>\n\t\t\t\t\t<\/div>\n\t\t<\/div>\n\t\t\t\t\t<\/div>\n\t\t<\/section>\n\t\t\t\t<section class=\"elementor-section elementor-top-section elementor-element elementor-element-502c3fe elementor-section-boxed elementor-section-height-default elementor-section-height-default\" data-id=\"502c3fe\" data-element_type=\"section\" data-e-type=\"section\">\n\t\t\t\t\t\t<div class=\"elementor-container elementor-column-gap-default\">\n\t\t\t\t\t<div class=\"elementor-column elementor-col-50 elementor-top-column elementor-element elementor-element-1a1bd65\" data-id=\"1a1bd65\" data-element_type=\"column\" data-e-type=\"column\">\n\t\t\t<div class=\"elementor-widget-wrap elementor-element-populated\">\n\t\t\t\t\t\t<div class=\"elementor-element elementor-element-9286122 elementor-widget elementor-widget-image\" data-id=\"9286122\" data-element_type=\"widget\" data-e-type=\"widget\" data-widget_type=\"image.default\">\n\t\t\t\t<div class=\"elementor-widget-container\">\n\t\t\t\t\t\t\t\t\t\t\t\t\t\t\t<img decoding=\"async\" width=\"150\" height=\"200\" src=\"http:\/\/www.phil.bilkent.edu.tr\/wp-content\/uploads\/2020\/09\/zeynep_celik.jpg\" class=\"attachment-large size-large wp-image-5272\" alt=\"\" \/>\t\t\t\t\t\t\t\t\t\t\t\t\t\t\t<\/div>\n\t\t\t\t<\/div>\n\t\t\t\t\t<\/div>\n\t\t<\/div>\n\t\t\t\t<div class=\"elementor-column elementor-col-50 elementor-top-column elementor-element elementor-element-834c7cd\" data-id=\"834c7cd\" data-element_type=\"column\" data-e-type=\"column\">\n\t\t\t<div class=\"elementor-widget-wrap elementor-element-populated\">\n\t\t\t\t\t\t<div class=\"elementor-element elementor-element-0133afe elementor-widget elementor-widget-text-editor\" data-id=\"0133afe\" data-element_type=\"widget\" data-e-type=\"widget\" data-widget_type=\"text-editor.default\">\n\t\t\t\t<div class=\"elementor-widget-container\">\n\t\t\t\t\t\t\t\t\t<p style=\"text-align: center;\"><span style=\"font-size: 14pt;\"><strong>Zeynep \u00c7elik<\/strong><\/span><\/p>\n<p>Zeynep received her BA in ELIT (2020), and MA in Philosophy (2022) from Bilkent University. Her primary research interest explores the connection between Social Ontology, Artificial Agency, and Aesthetics by seeking answers to questions on collective authorship. Additional areas of interest include Philosophy of AI and Philosophy of Fiction. She is the recipient of the British Society of Aesthetics (BSA) <a href=\"https:\/\/british-aesthetics.org\/bsa-new-horizons-award-winners-2025\/\">New Horizons Award <\/a>(2025) for her paper \u201cCollective Authorship in Theatrical Works\u201d at the <a href=\"https:\/\/british-aesthetics.org\/portfolio\/annual-conference\/\">BSA Annual Conference<\/a> at Oxford University. The same paper was presented also at the <a href=\"https:\/\/isosonline.org\/Social-Ontology-2022\/\">Social Ontology &amp; Collective Intentionality<\/a> international conference (University of Vienna, 2022), <a href=\"https:\/\/swip-tr.weebly.com\/swip-tr-5.html\">Society for Women in Philosophy in Turkey<\/a> conference (2022), and a Turkish version at <a href=\"https:\/\/www.poedat.org\/3-analitik-felsefe-calistayi\/\">POEDAT 3. Analitik Felsefe \u00c7al\u0131\u015ftay\u0131<\/a> (2024). Having co-organized the first&nbsp;<a href=\"https:\/\/socialontologyfacesthefuture.weebly.com\/\" target=\"_blank\" style=\"color: rgb(5, 99, 193);\">Social Ontology Faces the Future<\/a>&nbsp;workshop in 2024, she continued this role in co-organizing the second&nbsp;<a href=\"https:\/\/sites.google.com\/view\/socialontologyfacesthefuture2\/home?authuser=0\" target=\"_blank\" style=\"color: rgb(5, 99, 193);\">Social Ontology Faces the Future II<\/a>&nbsp;workshop, funded by ISOS and SAP (2025). In other news, she is \ncurrently the editor for the Social Ontology volume for \u201c\u00c7a\u011fda\u015f Bilim \nFelsefesi Serisi\u201d, aiming to introduce this relatively unfamiliar field \nto Turkish speakers through fresh analytical material.<\/p>\n<p><strong>Email:<\/strong> imzeynep@gmail.com<br><strong>Room: <\/strong>H-Z4<\/p>\t\t\t\t\t\t\t\t<\/div>\n\t\t\t\t<\/div>\n\t\t\t\t\t<\/div>\n\t\t<\/div>\n\t\t\t\t\t<\/div>\n\t\t<\/section>\n\t\t\t\t<section class=\"elementor-section elementor-top-section elementor-element elementor-element-ecd4484 elementor-section-boxed elementor-section-height-default elementor-section-height-default\" data-id=\"ecd4484\" data-element_type=\"section\" data-e-type=\"section\">\n\t\t\t\t\t\t<div class=\"elementor-container elementor-column-gap-default\">\n\t\t\t\t\t<div class=\"elementor-column elementor-col-50 elementor-top-column elementor-element elementor-element-0f497c2\" data-id=\"0f497c2\" data-element_type=\"column\" data-e-type=\"column\">\n\t\t\t<div class=\"elementor-widget-wrap elementor-element-populated\">\n\t\t\t\t\t\t<div class=\"elementor-element elementor-element-05c4f7c elementor-widget elementor-widget-image\" data-id=\"05c4f7c\" data-element_type=\"widget\" data-e-type=\"widget\" data-widget_type=\"image.default\">\n\t\t\t\t<div class=\"elementor-widget-container\">\n\t\t\t\t\t\t\t\t\t\t\t\t\t\t\t<img loading=\"lazy\" decoding=\"async\" width=\"150\" height=\"200\" src=\"http:\/\/www.phil.bilkent.edu.tr\/wp-content\/uploads\/2024\/09\/image.jpg\" class=\"attachment-large size-large wp-image-8050\" alt=\"\" \/>\t\t\t\t\t\t\t\t\t\t\t\t\t\t\t<\/div>\n\t\t\t\t<\/div>\n\t\t\t\t\t<\/div>\n\t\t<\/div>\n\t\t\t\t<div class=\"elementor-column elementor-col-50 elementor-top-column elementor-element elementor-element-125d963\" data-id=\"125d963\" data-element_type=\"column\" data-e-type=\"column\">\n\t\t\t<div class=\"elementor-widget-wrap elementor-element-populated\">\n\t\t\t\t\t\t<div class=\"elementor-element elementor-element-b5c47f4 elementor-widget elementor-widget-text-editor\" data-id=\"b5c47f4\" data-element_type=\"widget\" data-e-type=\"widget\" data-widget_type=\"text-editor.default\">\n\t\t\t\t<div class=\"elementor-widget-container\">\n\t\t\t\t\t\t\t\t\t<p style=\"text-align: center;\"><span style=\"text-align: left; font-size: 18.6667px;\"><b>Sena \u00c7iftci<br \/><\/b><\/span><\/p><p>Sena received her BA and MA in Bilkent Philosophy. Her primary research interests are focused on gender-related topics, specifically, topics like Black women&#8217;s history, trans women, non-binarity, media, and historical feminist studies. She is also interested in working on Simone De Beauvoir and Mary Wollstonecraft. Moreover, she is interested in researching political and international relations studies, and their intersection with philosophy. She presented her paper entitled &#8216;Is Critical Phenomenology a Workable Project&#8217; at the 10th <a href=\"https:\/\/www.swip-ireland.com\/\">Society for Women in Philosophy in Ireland<\/a> conference in 2025.<\/p><p><strong>Email:<\/strong> sena.ciftci@bilkent.edu.tr<br \/><strong>Room: <\/strong><span style=\"color: var( --e-global-color-text ); font-family: var( --e-global-typography-text-font-family ), Sans-serif; font-weight: var( --e-global-typography-text-font-weight );\">H-Z41<\/span><\/p>\t\t\t\t\t\t\t\t<\/div>\n\t\t\t\t<\/div>\n\t\t\t\t\t<\/div>\n\t\t<\/div>\n\t\t\t\t\t<\/div>\n\t\t<\/section>\n\t\t\t\t<section class=\"elementor-section elementor-top-section elementor-element elementor-element-3e8a3f2 elementor-section-boxed elementor-section-height-default elementor-section-height-default\" data-id=\"3e8a3f2\" data-element_type=\"section\" data-e-type=\"section\">\n\t\t\t\t\t\t<div class=\"elementor-container elementor-column-gap-default\">\n\t\t\t\t\t<div class=\"elementor-column elementor-col-50 elementor-top-column elementor-element elementor-element-5c97f5b\" data-id=\"5c97f5b\" data-element_type=\"column\" data-e-type=\"column\">\n\t\t\t<div class=\"elementor-widget-wrap elementor-element-populated\">\n\t\t\t\t\t\t<div class=\"elementor-element elementor-element-cf96c60 elementor-widget elementor-widget-image\" data-id=\"cf96c60\" data-element_type=\"widget\" data-e-type=\"widget\" data-widget_type=\"image.default\">\n\t\t\t\t<div class=\"elementor-widget-container\">\n\t\t\t\t\t\t\t\t\t\t\t\t\t\t\t<img loading=\"lazy\" decoding=\"async\" width=\"150\" height=\"200\" src=\"http:\/\/www.phil.bilkent.edu.tr\/wp-content\/uploads\/2025\/05\/demirtas-readjusted.png\" class=\"attachment-large size-large wp-image-9810\" alt=\"\" \/>\t\t\t\t\t\t\t\t\t\t\t\t\t\t\t<\/div>\n\t\t\t\t<\/div>\n\t\t\t\t\t<\/div>\n\t\t<\/div>\n\t\t\t\t<div class=\"elementor-column elementor-col-50 elementor-top-column elementor-element elementor-element-987b5fd\" data-id=\"987b5fd\" data-element_type=\"column\" data-e-type=\"column\">\n\t\t\t<div class=\"elementor-widget-wrap elementor-element-populated\">\n\t\t\t\t\t\t<div class=\"elementor-element elementor-element-d3bb53f elementor-widget elementor-widget-text-editor\" data-id=\"d3bb53f\" data-element_type=\"widget\" data-e-type=\"widget\" data-widget_type=\"text-editor.default\">\n\t\t\t\t<div class=\"elementor-widget-container\">\n\t\t\t\t\t\t\t\t\t<p style=\"text-align: center;\"><span style=\"text-align: left; font-size: 18.6667px;\"><b>Beng\u00fc Demirta\u015f<\/b><\/span><\/p><p>Beng\u00fc obtained her BA in Western Languages and Literatures with a double major in Philosophy at Bo\u011fazi\u00e7i University. She later received her MA in Western Literature at KU Leuven. Her primary research interests are social and political philosophy and history of feminist philosophy. In July 2024 she presented as part of the <a href=\"https:\/\/www.aristoteliansociety.org.uk\/the-joint-session\/call-for-papers\/\" target=\"_blank\" rel=\"noopener\">SWIP panel<\/a>\u00a0at the\u00a0<a href=\"https:\/\/www.birmingham.ac.uk\/schools\/ptr\/departments\/philosophy\/events\/2024\/joint-session\">Joint Session of the Mind and Aristotelian Societies<\/a>. In October 2024 she participated in the inaugural <a href=\"http:\/\/www.phil.bilkent.edu.tr\/index.php\/2024\/10\/19\/first-princton-bilkent-workshop-held\/\">Princeton-Bilkent Workshop<\/a> on the History and Philosophy of Science. She presented a paper entitled &#8216;With Pleasure: A Feminist Contractarian Supplement to the Nonideal Theory of Consent&#8217; at the American Philosophical Association&#8217;s annual meeting (Pacific Division) in April 2025. That paper is now forthcoming in <a href=\"https:\/\/doi.org\/10.1080\/08164649.2025.2543847\"><em>Australian Feminist Studies<\/em><\/a>. She is the recipient of the 2026 <a href=\"https:\/\/bshp.org.uk\/funding\/predoctoral-scholarly-activity-awards\/\">Predoctoral Scholarly Activity Award<\/a> from the The British Society for the History of Philosophy (BSHP). During Spring 2026 she is teaching the English part of <a href=\"https:\/\/web4.bilkent.edu.tr\/phileng\/\">Social and Political Philosophy II<\/a>.<\/p><p><strong>Web: <\/strong><a href=\"http:\/\/bengudemirtas.com\/\">bengudemirtas.com<\/a><\/p><p><strong>Email:<\/strong>\u00a0bengu.demirtas@bilkent.edu.tr <br \/><strong>Room:\u00a0<\/strong><span style=\"color: var( --e-global-color-text ); font-family: var( --e-global-typography-text-font-family ), Sans-serif; font-weight: var( --e-global-typography-text-font-weight );\">H-Z41<\/span><\/p>\t\t\t\t\t\t\t\t<\/div>\n\t\t\t\t<\/div>\n\t\t\t\t\t<\/div>\n\t\t<\/div>\n\t\t\t\t\t<\/div>\n\t\t<\/section>\n\t\t\t\t<section class=\"elementor-section elementor-top-section elementor-element elementor-element-9108fb3 elementor-section-boxed elementor-section-height-default elementor-section-height-default\" data-id=\"9108fb3\" data-element_type=\"section\" data-e-type=\"section\">\n\t\t\t\t\t\t<div class=\"elementor-container elementor-column-gap-default\">\n\t\t\t\t\t<div class=\"elementor-column elementor-col-50 elementor-top-column elementor-element elementor-element-ce61339\" data-id=\"ce61339\" data-element_type=\"column\" data-e-type=\"column\">\n\t\t\t<div class=\"elementor-widget-wrap elementor-element-populated\">\n\t\t\t\t\t\t<div class=\"elementor-element elementor-element-c9b1c52 elementor-widget elementor-widget-image\" data-id=\"c9b1c52\" data-element_type=\"widget\" data-e-type=\"widget\" data-widget_type=\"image.default\">\n\t\t\t\t<div class=\"elementor-widget-container\">\n\t\t\t\t\t\t\t\t\t\t\t\t\t\t\t<img loading=\"lazy\" decoding=\"async\" width=\"150\" height=\"200\" src=\"http:\/\/www.phil.bilkent.edu.tr\/wp-content\/uploads\/2023\/09\/Ziad_Eldanaf.jpeg\" class=\"attachment-large size-large wp-image-7061\" alt=\"\" \/>\t\t\t\t\t\t\t\t\t\t\t\t\t\t\t<\/div>\n\t\t\t\t<\/div>\n\t\t\t\t\t<\/div>\n\t\t<\/div>\n\t\t\t\t<div class=\"elementor-column elementor-col-50 elementor-top-column elementor-element elementor-element-3545e66\" data-id=\"3545e66\" data-element_type=\"column\" data-e-type=\"column\">\n\t\t\t<div class=\"elementor-widget-wrap elementor-element-populated\">\n\t\t\t\t\t\t<div class=\"elementor-element elementor-element-7beedf0 elementor-widget elementor-widget-text-editor\" data-id=\"7beedf0\" data-element_type=\"widget\" data-e-type=\"widget\" data-widget_type=\"text-editor.default\">\n\t\t\t\t<div class=\"elementor-widget-container\">\n\t\t\t\t\t\t\t\t\t<p style=\"text-align: center;\"><span style=\"text-align: left; font-size: 18.6667px;\"><b>Ziad Eldanaf<\/b><\/span><\/p><p>Ziad holds a B.A. and an M.A. in Philosophy from the American University of Beirut, where he also completed a minor in Arabic Language and Literature. He has over eight years of teaching experience, having served as instructor of record for Arabic as a Foreign Language at AUB (2019\u20132021) and as a Teaching Assistant for Introduction to Logic at Bilkent University (2024\u20132025). His research specialization is in metaphysics, with a particular focus on hylomorphism and its applications in both natural and social ontology. He also maintains strong interests in Greek philosophy and the philosophy of science. In October 2024, he joined the inaugural <a href=\"http:\/\/www.phil.bilkent.edu.tr\/index.php\/2024\/10\/19\/first-princton-bilkent-workshop-held\/\">Princeton-Bilkent Workshop<\/a> on the History and Philosophy of Science, followed in spring 2025 by the <a href=\"http:\/\/www.phil.bilkent.edu.tr\/index.php\/2025\/05\/11\/workshop-on-the-history-of-modal-metaphysics\/\">Workshop on the History of Modal Metaphysics<\/a> at Bilkent. In July 2025, he presented \u201cA Hylomorphic Solution to the Problem of the Many\u201d at the International Aristotelian Conference in Lisbon, and in August 2025 he presented \u201cHylomorphic Corporate Agents\u201d at Social Ontology 2025 Conference in Dublin. From March to May 2026, Ziad will undertake a research visit at the University of Vienna, where he will work with <a href=\"https:\/\/phloxgroup.wordpress.com\/people\/benjamin-schnieder\/\">Benjamin Schnieder<\/a> and his team.<\/p><p><strong>Email:<\/strong>\u00a0ziad.eldanaf@bilkent.edu.tr <br \/><strong>Room: <\/strong><span style=\"color: var( --e-global-color-text ); font-family: var( --e-global-typography-text-font-family ), Sans-serif;\">G-B36<\/span><\/p>\t\t\t\t\t\t\t\t<\/div>\n\t\t\t\t<\/div>\n\t\t\t\t\t<\/div>\n\t\t<\/div>\n\t\t\t\t\t<\/div>\n\t\t<\/section>\n\t\t\t\t<section class=\"elementor-section elementor-top-section elementor-element elementor-element-0d121b5 elementor-section-boxed elementor-section-height-default elementor-section-height-default\" data-id=\"0d121b5\" data-element_type=\"section\" data-e-type=\"section\">\n\t\t\t\t\t\t<div class=\"elementor-container elementor-column-gap-default\">\n\t\t\t\t\t<div class=\"elementor-column elementor-col-50 elementor-top-column elementor-element elementor-element-db930fa\" data-id=\"db930fa\" data-element_type=\"column\" data-e-type=\"column\">\n\t\t\t<div class=\"elementor-widget-wrap elementor-element-populated\">\n\t\t\t\t\t\t<div class=\"elementor-element elementor-element-a42bccd elementor-widget elementor-widget-image\" data-id=\"a42bccd\" data-element_type=\"widget\" data-e-type=\"widget\" data-widget_type=\"image.default\">\n\t\t\t\t<div class=\"elementor-widget-container\">\n\t\t\t\t\t\t\t\t\t\t\t\t\t\t\t<img loading=\"lazy\" decoding=\"async\" width=\"150\" height=\"200\" src=\"http:\/\/www.phil.bilkent.edu.tr\/wp-content\/uploads\/2024\/09\/image-1.jpg\" class=\"attachment-large size-large wp-image-8064\" alt=\"\" \/>\t\t\t\t\t\t\t\t\t\t\t\t\t\t\t<\/div>\n\t\t\t\t<\/div>\n\t\t\t\t\t<\/div>\n\t\t<\/div>\n\t\t\t\t<div class=\"elementor-column elementor-col-50 elementor-top-column elementor-element elementor-element-c5ca41d\" data-id=\"c5ca41d\" data-element_type=\"column\" data-e-type=\"column\">\n\t\t\t<div class=\"elementor-widget-wrap elementor-element-populated\">\n\t\t\t\t\t\t<div class=\"elementor-element elementor-element-4ae2f8e elementor-widget elementor-widget-text-editor\" data-id=\"4ae2f8e\" data-element_type=\"widget\" data-e-type=\"widget\" data-widget_type=\"text-editor.default\">\n\t\t\t\t<div class=\"elementor-widget-container\">\n\t\t\t\t\t\t\t\t\t<p style=\"text-align: center;\"><span style=\"font-size: 14pt;\"><strong>Sina Ersan<\/strong><\/span><\/p><p>Sina received their BA in Philosophy with a certificate in Film Studies at Bo\u011fazi\u00e7i University in 2022. They obtained their MA in Philosophy at Universit\u00e0 della Svizzera Italiana with a thesis titled &#8220;An Extension to Judith Butler&#8217;s Gender Performativity Theory: Gender queer Inclusiveness &amp; Sexual Orientation Performativity&#8221; in 2024. Their main interests are philosophy of physics, queer studies, and philosophy of mind. They also have a huge interest in literature and football.<\/p><p><strong>Email:<\/strong> sina.ersan@bilkent.edu.tr <br \/><strong>Room:\u00a0<\/strong><span style=\"color: var( --e-global-color-text ); font-family: var( --e-global-typography-text-font-family ), Sans-serif; font-weight: var( --e-global-typography-text-font-weight );\">G-B36<\/span><\/p>\t\t\t\t\t\t\t\t<\/div>\n\t\t\t\t<\/div>\n\t\t\t\t\t<\/div>\n\t\t<\/div>\n\t\t\t\t\t<\/div>\n\t\t<\/section>\n\t\t\t\t<section class=\"elementor-section elementor-top-section elementor-element elementor-element-dba99f1 elementor-section-boxed elementor-section-height-default elementor-section-height-default\" data-id=\"dba99f1\" data-element_type=\"section\" data-e-type=\"section\">\n\t\t\t\t\t\t<div class=\"elementor-container elementor-column-gap-default\">\n\t\t\t\t\t<div class=\"elementor-column elementor-col-50 elementor-top-column elementor-element elementor-element-17ee193\" data-id=\"17ee193\" data-element_type=\"column\" data-e-type=\"column\">\n\t\t\t<div class=\"elementor-widget-wrap elementor-element-populated\">\n\t\t\t\t\t\t<div class=\"elementor-element elementor-element-d0d4feb elementor-widget elementor-widget-image\" data-id=\"d0d4feb\" data-element_type=\"widget\" data-e-type=\"widget\" data-widget_type=\"image.default\">\n\t\t\t\t<div class=\"elementor-widget-container\">\n\t\t\t\t\t\t\t\t\t\t\t\t\t\t\t<img loading=\"lazy\" decoding=\"async\" width=\"150\" height=\"200\" src=\"http:\/\/www.phil.bilkent.edu.tr\/wp-content\/uploads\/2021\/09\/Gonullu.jpeg\" class=\"attachment-large size-large wp-image-5750\" alt=\"\" \/>\t\t\t\t\t\t\t\t\t\t\t\t\t\t\t<\/div>\n\t\t\t\t<\/div>\n\t\t\t\t\t<\/div>\n\t\t<\/div>\n\t\t\t\t<div class=\"elementor-column elementor-col-50 elementor-top-column elementor-element elementor-element-5de5a48\" data-id=\"5de5a48\" data-element_type=\"column\" data-e-type=\"column\">\n\t\t\t<div class=\"elementor-widget-wrap elementor-element-populated\">\n\t\t\t\t\t\t<div class=\"elementor-element elementor-element-c6590f4 elementor-widget elementor-widget-text-editor\" data-id=\"c6590f4\" data-element_type=\"widget\" data-e-type=\"widget\" data-widget_type=\"text-editor.default\">\n\t\t\t\t<div class=\"elementor-widget-container\">\n\t\t\t\t\t\t\t\t\t<p style=\"text-align: center;\"><span style=\"font-size: 14pt;\"><strong>Ahmet G\u00f6n\u00fcll\u00fc<\/strong><\/span><\/p><p>Ahmet completed his MA degree in Philosophy at Erasmus University Rotterdam. Before that he completed a BA degree in Philosophy at Bilkent University, with a minor in Political Science. His primary research interests are collective action and responsibility, global justice, the state, and ethics. In August 2023 Ahmet presented his paper entitled &#8220;Is the State the Polity?&#8221; at the <a href=\"https:\/\/analyticphilosophy.eu\/ecap-11\/\">11th European Congress of Analytic Philosophy<\/a> in Vienna. In September 2022 he presented his paper on &#8220;We-responsibility&#8221; at the <a href=\"https:\/\/tuomelaworkshop.wixsite.com\/my-site\">Themes from Raimo Tuomela\u2019s Social Ontology<\/a> workshop at the University of Bucharest. In July 2024, he presented his paper on the question of how the state involves citizens in governance at the <a href=\"http:\/\/www.associationforsocialandpoliticalphilosophy.org\/\">Association for Social and Political Philosophy Conference at Swansea University<\/a>. In 2024 Ahmet was selected as a Global Fellow for <a href=\"https:\/\/academicsstand.org\/\">Academics Stand Against Poverty<\/a> (ASAP). In addition, Ahmet has been awarded an Ernst Mach Grant to conduct research at the University of Vienna from October 2024 to June 2025. He has also awarded a T\u00dcB\u0130TAK grant to pursue separate research at the same institution from July 2025 to March 2026.<\/p><p><strong>Email:<\/strong> ahmet.gonullu@bilkent.edu.tr<br \/><strong>Room:\u00a0<\/strong><span style=\"color: var( --e-global-color-text ); font-family: var( --e-global-typography-text-font-family ), Sans-serif; font-weight: var( --e-global-typography-text-font-weight );\">G-B36<\/span><\/p>\t\t\t\t\t\t\t\t<\/div>\n\t\t\t\t<\/div>\n\t\t\t\t\t<\/div>\n\t\t<\/div>\n\t\t\t\t\t<\/div>\n\t\t<\/section>\n\t\t\t\t<section class=\"elementor-section elementor-top-section elementor-element elementor-element-2216934 elementor-section-boxed elementor-section-height-default elementor-section-height-default\" data-id=\"2216934\" data-element_type=\"section\" data-e-type=\"section\">\n\t\t\t\t\t\t<div class=\"elementor-container elementor-column-gap-default\">\n\t\t\t\t\t<div class=\"elementor-column elementor-col-50 elementor-top-column elementor-element elementor-element-9fed156\" data-id=\"9fed156\" data-element_type=\"column\" data-e-type=\"column\">\n\t\t\t<div class=\"elementor-widget-wrap elementor-element-populated\">\n\t\t\t\t\t\t<div class=\"elementor-element elementor-element-e131a41 elementor-widget elementor-widget-image\" data-id=\"e131a41\" data-element_type=\"widget\" data-e-type=\"widget\" data-widget_type=\"image.default\">\n\t\t\t\t<div class=\"elementor-widget-container\">\n\t\t\t\t\t\t\t\t\t\t\t\t\t\t\t<img loading=\"lazy\" decoding=\"async\" width=\"150\" height=\"200\" src=\"http:\/\/www.phil.bilkent.edu.tr\/wp-content\/uploads\/2026\/01\/aybars_onder.jpg\" class=\"attachment-large size-large wp-image-10807\" alt=\"\" \/>\t\t\t\t\t\t\t\t\t\t\t\t\t\t\t<\/div>\n\t\t\t\t<\/div>\n\t\t\t\t\t<\/div>\n\t\t<\/div>\n\t\t\t\t<div class=\"elementor-column elementor-col-50 elementor-top-column elementor-element elementor-element-a05fcf8\" data-id=\"a05fcf8\" data-element_type=\"column\" data-e-type=\"column\">\n\t\t\t<div class=\"elementor-widget-wrap elementor-element-populated\">\n\t\t\t\t\t\t<div class=\"elementor-element elementor-element-f3e969a elementor-widget elementor-widget-text-editor\" data-id=\"f3e969a\" data-element_type=\"widget\" data-e-type=\"widget\" data-widget_type=\"text-editor.default\">\n\t\t\t\t<div class=\"elementor-widget-container\">\n\t\t\t\t\t\t\t\t\t<p style=\"text-align: center;\"><span style=\"font-size: 14pt;\"><strong>Aybars \u00d6nder<\/strong><\/span><\/p><p>Aybars received his BA in Philosophy from Princeton University. His primary research interests lie in ethics and political theory, motivated by the questions of how one ought to live and how societies should be organized. Within this area, he is interested in global justice. He also has a strong interest in metaphilosophy and philosophical methodology, including questions about the role of intuition and empirical methods in philosophy, and the possibility of integrating or synthesizing analytic methods with 19th- and 20th-century continental European philosophy. His other interests include German idealism, analytic German idealism, constructivism, and pragmatism.<\/p><p><strong>Email: <\/strong>aybars.onder@bilkent.edu.tr<br \/><strong>Room: <\/strong>HZ-49<\/p>\t\t\t\t\t\t\t\t<\/div>\n\t\t\t\t<\/div>\n\t\t\t\t\t<\/div>\n\t\t<\/div>\n\t\t\t\t\t<\/div>\n\t\t<\/section>\n\t\t\t\t<section class=\"elementor-section elementor-top-section elementor-element elementor-element-4f5af4c elementor-section-boxed elementor-section-height-default elementor-section-height-default\" data-id=\"4f5af4c\" data-element_type=\"section\" data-e-type=\"section\">\n\t\t\t\t\t\t<div class=\"elementor-container elementor-column-gap-default\">\n\t\t\t\t\t<div class=\"elementor-column elementor-col-50 elementor-top-column elementor-element elementor-element-341cdac\" data-id=\"341cdac\" data-element_type=\"column\" data-e-type=\"column\">\n\t\t\t<div class=\"elementor-widget-wrap elementor-element-populated\">\n\t\t\t\t\t\t<div class=\"elementor-element elementor-element-2b66d80 elementor-widget elementor-widget-image\" data-id=\"2b66d80\" data-element_type=\"widget\" data-e-type=\"widget\" data-widget_type=\"image.default\">\n\t\t\t\t<div class=\"elementor-widget-container\">\n\t\t\t\t\t\t\t\t\t\t\t\t\t\t\t<img loading=\"lazy\" decoding=\"async\" width=\"150\" height=\"200\" src=\"http:\/\/www.phil.bilkent.edu.tr\/wp-content\/uploads\/2025\/01\/simsek_pp.jpg\" class=\"attachment-large size-large wp-image-9330\" alt=\"\" \/>\t\t\t\t\t\t\t\t\t\t\t\t\t\t\t<\/div>\n\t\t\t\t<\/div>\n\t\t\t\t\t<\/div>\n\t\t<\/div>\n\t\t\t\t<div class=\"elementor-column elementor-col-50 elementor-top-column elementor-element elementor-element-9d895ca\" data-id=\"9d895ca\" data-element_type=\"column\" data-e-type=\"column\">\n\t\t\t<div class=\"elementor-widget-wrap elementor-element-populated\">\n\t\t\t\t\t\t<div class=\"elementor-element elementor-element-474a9fc elementor-widget elementor-widget-text-editor\" data-id=\"474a9fc\" data-element_type=\"widget\" data-e-type=\"widget\" data-widget_type=\"text-editor.default\">\n\t\t\t\t<div class=\"elementor-widget-container\">\n\t\t\t\t\t\t\t\t\t<p style=\"text-align: center;\"><span style=\"font-size: 14pt;\"><strong>M. Ma\u015fuk \u015eim\u015fek<\/strong><\/span><\/p><p>Ma\u015fuk received his BA in Philosophy and Psychology from Bogazici University and MA in Philosophy from Central European University. He is primarily interested in metaphysics of infinity and related topics in philosophy of mind, philosophy of science and philosophy of religion. In 2022 he presented his paper on &#8220;Determination Relations and Metaphysical Explanations&#8221; at the <a href=\"https:\/\/www.gla.ac.uk\/schools\/humanities\/research\/philosophyresearch\/researchprojects\/withoutfoundation\/events\/\">Varieties of Non-Wellfoundedness Workshop<\/a> in Ligerz, Switzerland. That paper is\u00a0<a href=\"https:\/\/assets.philosophie.ch\/dialectica\/simsek_m-2023.pdf\" target=\"_blank\" rel=\"noopener\">now published<\/a>\u00a0in the journal <i><a href=\"https:\/\/dialectica.philosophie.ch\/dialectica\">Dialectica<\/a>.\u00a0<\/i><span style=\"color: var( --e-global-color-text ); font-family: var( --e-global-typography-text-font-family ), Sans-serif; font-weight: var( --e-global-typography-text-font-weight );\">In October 2024 he participated in the inaugural <\/span><a href=\"http:\/\/www.phil.bilkent.edu.tr\/index.php\/2024\/10\/19\/first-princton-bilkent-workshop-held\/\">Princeton-Bilkent Workshop<\/a> on the History and Philosophy of Science<span style=\"color: var( --e-global-color-text ); font-family: var( --e-global-typography-text-font-family ), Sans-serif; font-weight: var( --e-global-typography-text-font-weight );\">.<\/span><\/p><p><span style=\"font-weight: bold;\">Web<\/span>: <a style=\"font-family: var( --e-global-typography-text-font-family ), Sans-serif; font-weight: var( --e-global-typography-text-font-weight );\" href=\"https:\/\/www.masuksimsek.com\/\" target=\"_blank\" rel=\"noopener\">masuksimsek.com<\/a><\/p><p><strong>Email:<\/strong> masuk.simsek@bilkent.edu.tr<br \/><strong>Room: <\/strong>HZ-49<\/p>\t\t\t\t\t\t\t\t<\/div>\n\t\t\t\t<\/div>\n\t\t\t\t\t<\/div>\n\t\t<\/div>\n\t\t\t\t\t<\/div>\n\t\t<\/section>\n\t\t\t\t<section class=\"elementor-section elementor-top-section elementor-element elementor-element-73cf702 elementor-section-boxed elementor-section-height-default elementor-section-height-default\" data-id=\"73cf702\" data-element_type=\"section\" data-e-type=\"section\">\n\t\t\t\t\t\t<div class=\"elementor-container elementor-column-gap-default\">\n\t\t\t\t\t<div class=\"elementor-column elementor-col-50 elementor-top-column elementor-element elementor-element-4e249de\" data-id=\"4e249de\" data-element_type=\"column\" data-e-type=\"column\">\n\t\t\t<div class=\"elementor-widget-wrap elementor-element-populated\">\n\t\t\t\t\t\t<div class=\"elementor-element elementor-element-f7ced25 elementor-widget elementor-widget-image\" data-id=\"f7ced25\" data-element_type=\"widget\" data-e-type=\"widget\" data-widget_type=\"image.default\">\n\t\t\t\t<div class=\"elementor-widget-container\">\n\t\t\t\t\t\t\t\t\t\t\t\t\t\t\t<img loading=\"lazy\" decoding=\"async\" width=\"150\" height=\"200\" src=\"http:\/\/www.phil.bilkent.edu.tr\/wp-content\/uploads\/2021\/09\/Meric.jpeg\" class=\"attachment-large size-large wp-image-5752\" alt=\"\" \/>\t\t\t\t\t\t\t\t\t\t\t\t\t\t\t<\/div>\n\t\t\t\t<\/div>\n\t\t\t\t\t<\/div>\n\t\t<\/div>\n\t\t\t\t<div class=\"elementor-column elementor-col-50 elementor-top-column elementor-element elementor-element-b89162d\" data-id=\"b89162d\" data-element_type=\"column\" data-e-type=\"column\">\n\t\t\t<div class=\"elementor-widget-wrap elementor-element-populated\">\n\t\t\t\t\t\t<div class=\"elementor-element elementor-element-370a605 elementor-widget elementor-widget-text-editor\" data-id=\"370a605\" data-element_type=\"widget\" data-e-type=\"widget\" data-widget_type=\"text-editor.default\">\n\t\t\t\t<div class=\"elementor-widget-container\">\n\t\t\t\t\t\t\t\t\t<p style=\"text-align: center;\"><span style=\"font-size: 14pt;\"><strong>G\u00fclden Alaz Meri\u00e7<\/strong><\/span><\/p><p><span style=\"color: var( --e-global-color-text ); font-family: var( --e-global-typography-text-font-family ), Sans-serif; font-weight: var( --e-global-typography-text-font-weight );\">Alaz received both her BA and MA in Philosophy from Middle East Technical University. Her primary research interests lie in developing philosophical approaches to contemporary social challenges, particularly stereotypes, implicit bias, and discrimination. Additionally, she is interested in logic and has served as a teaching assistant for Introduction to Logic since Fall 2022, with a focus on argumentation, and critical thinking. In October 2023 and September 2024, Alaz presented her papers: \u201cOn the Nature of Stereotypes\u201d and \u201cUnveiling Sexist Fallacies: Integrating Philosophical Analysis with Practical AI Applications\u201d at the CEPDISC conferences on discrimination in Aarhus, Denmark. She is also passionate about making philosophy accessible to everyone, viewing it as an integral part of everyday life. To share this vision, she writes about philosophical themes found in films, music, and daily experiences on <a href=\"http:\/\/www.artialan.com\">www.artialan.com<\/a>.<\/span><\/p><p><strong>Email:<\/strong> alaz.meric@bilkent.edu.tr<br \/><strong>Room: <\/strong>tbd<\/p>\t\t\t\t\t\t\t\t<\/div>\n\t\t\t\t<\/div>\n\t\t\t\t\t<\/div>\n\t\t<\/div>\n\t\t\t\t\t<\/div>\n\t\t<\/section>\n\t\t\t\t<section class=\"elementor-section elementor-top-section elementor-element elementor-element-af278d6 elementor-section-boxed elementor-section-height-default elementor-section-height-default\" data-id=\"af278d6\" data-element_type=\"section\" data-e-type=\"section\">\n\t\t\t\t\t\t<div class=\"elementor-container elementor-column-gap-default\">\n\t\t\t\t\t<div class=\"elementor-column elementor-col-50 elementor-top-column elementor-element elementor-element-1763013\" data-id=\"1763013\" data-element_type=\"column\" data-e-type=\"column\">\n\t\t\t<div class=\"elementor-widget-wrap elementor-element-populated\">\n\t\t\t\t\t\t<div class=\"elementor-element elementor-element-b2b81ef elementor-widget elementor-widget-image\" data-id=\"b2b81ef\" data-element_type=\"widget\" data-e-type=\"widget\" data-widget_type=\"image.default\">\n\t\t\t\t<div class=\"elementor-widget-container\">\n\t\t\t\t\t\t\t\t\t\t\t\t\t\t\t<img loading=\"lazy\" decoding=\"async\" width=\"150\" height=\"200\" src=\"http:\/\/www.phil.bilkent.edu.tr\/wp-content\/uploads\/2021\/09\/Ozar.jpeg\" class=\"attachment-large size-large wp-image-5755\" alt=\"\" \/>\t\t\t\t\t\t\t\t\t\t\t\t\t\t\t<\/div>\n\t\t\t\t<\/div>\n\t\t\t\t\t<\/div>\n\t\t<\/div>\n\t\t\t\t<div class=\"elementor-column elementor-col-50 elementor-top-column elementor-element elementor-element-316f9e0\" data-id=\"316f9e0\" data-element_type=\"column\" data-e-type=\"column\">\n\t\t\t<div class=\"elementor-widget-wrap elementor-element-populated\">\n\t\t\t\t\t\t<div class=\"elementor-element elementor-element-ff9505a elementor-widget elementor-widget-text-editor\" data-id=\"ff9505a\" data-element_type=\"widget\" data-e-type=\"widget\" data-widget_type=\"text-editor.default\">\n\t\t\t\t<div class=\"elementor-widget-container\">\n\t\t\t\t\t\t\t\t\t<p style=\"text-align: center;\"><span style=\"font-size: 14pt;\"><strong>Berkay Ozar<\/strong><\/span><\/p><p>Berkay received his BS in Psychology from Middle East Technical University and MA in Philosophy from Bilkent University, with a thesis entitled &#8220;<a href=\"https:\/\/hdl.handle.net\/11693\/112418\" target=\"_blank\" rel=\"noopener\">Reference, Necessity, and Social Terms<\/a>&#8220;. His current research interests lie at the intersection of social ontology, philosophy of language, and modal metaphysics. He is also interested in philosophy of cognitive science. In July 2024 her will be presenting his paper entitled \u00a0&#8220;A Heterogeneous Approach to Social Ontology&#8221; at the <a href=\"https:\/\/isosonline.org\/ISOS2024\">annual conference of the\u00a0International Social Ontology Society<\/a> at Duke University.<\/p><p><strong>Email:<\/strong> berkay.ozar@bilkent.edu.tr<br \/><strong>Room: <\/strong>H-Z41<\/p>\t\t\t\t\t\t\t\t<\/div>\n\t\t\t\t<\/div>\n\t\t\t\t\t<\/div>\n\t\t<\/div>\n\t\t\t\t\t<\/div>\n\t\t<\/section>\n\t\t\t\t<section class=\"elementor-section elementor-top-section elementor-element elementor-element-6226379 elementor-section-boxed elementor-section-height-default elementor-section-height-default\" data-id=\"6226379\" data-element_type=\"section\" data-e-type=\"section\">\n\t\t\t\t\t\t<div class=\"elementor-container elementor-column-gap-default\">\n\t\t\t\t\t<div class=\"elementor-column elementor-col-50 elementor-top-column elementor-element elementor-element-34a7e75\" data-id=\"34a7e75\" data-element_type=\"column\" data-e-type=\"column\">\n\t\t\t<div class=\"elementor-widget-wrap elementor-element-populated\">\n\t\t\t\t\t\t<div class=\"elementor-element elementor-element-86cfc79 elementor-widget elementor-widget-image\" data-id=\"86cfc79\" data-element_type=\"widget\" data-e-type=\"widget\" data-widget_type=\"image.default\">\n\t\t\t\t<div class=\"elementor-widget-container\">\n\t\t\t\t\t\t\t\t\t\t\t\t\t\t\t<img loading=\"lazy\" decoding=\"async\" width=\"150\" height=\"200\" src=\"http:\/\/www.phil.bilkent.edu.tr\/wp-content\/uploads\/2020\/09\/Evrensel.jpg\" class=\"attachment-large size-large wp-image-5243\" alt=\"\" \/>\t\t\t\t\t\t\t\t\t\t\t\t\t\t\t<\/div>\n\t\t\t\t<\/div>\n\t\t\t\t\t<\/div>\n\t\t<\/div>\n\t\t\t\t<div class=\"elementor-column elementor-col-50 elementor-top-column elementor-element elementor-element-deb6524\" data-id=\"deb6524\" data-element_type=\"column\" data-e-type=\"column\">\n\t\t\t<div class=\"elementor-widget-wrap elementor-element-populated\">\n\t\t\t\t\t\t<div class=\"elementor-element elementor-element-324a48e elementor-widget elementor-widget-text-editor\" data-id=\"324a48e\" data-element_type=\"widget\" data-e-type=\"widget\" data-widget_type=\"text-editor.default\">\n\t\t\t\t<div class=\"elementor-widget-container\">\n\t\t\t\t\t\t\t\t\t<p style=\"text-align: center;\"><span style=\"font-size: 14pt;\"><strong>Evrensel Sebep<\/strong><\/span><\/p>\n<p>Evrensel received his BA in Politics and History from Newcastle University. He then completed his MA in Philosophy at the University of Bristol. His interest areas include collective intentionality, democratic theory, social and political philosophy. In June 2022 he presented his paper &#8220;What (kind of group) constitutes a political movement?&#8221; at the <a href=\"https:\/\/isosonline.org\/The-Ontology-of-Politics-Institutions-Movements-Agents-Action-and-Power\">Ontology of Politics<\/a> workshop at the University of Groningen. In June 2023 he presented his paper on &#8220;The Disenfranchisement of the Elderly&#8221; at the <a href=\"https:\/\/www.bcept.ro\/annual-conference\/\">Bucharest Conference in Analytical Political Theory<\/a>. His article entitled &#8216;<a href=\"https:\/\/doi.org\/10.25365\/jso-2024-9150\" target=\"_blank\" rel=\"noopener\">Warfare and Authority-Based Accountability<\/a>&#8216; was recently published in&nbsp;<a href=\"https:\/\/journalofsocialontology.org\/index.php\/jso\" target=\"_blank\" rel=\"noopener\">Journal of Social Ontology<\/a>.<\/p><p><b>Web<\/b>:&nbsp;https:\/\/philpeople.org\/profiles\/evrensel-sebep<\/p>\n<p><strong>Email:<\/strong> evrenselsebep@gmail.com<br><strong>Room: <\/strong>HZ-49<\/p>\t\t\t\t\t\t\t\t<\/div>\n\t\t\t\t<\/div>\n\t\t\t\t\t<\/div>\n\t\t<\/div>\n\t\t\t\t\t<\/div>\n\t\t<\/section>\n\t\t\t\t<section class=\"elementor-section elementor-top-section elementor-element elementor-element-ce6f8a7 elementor-section-boxed elementor-section-height-default elementor-section-height-default\" data-id=\"ce6f8a7\" data-element_type=\"section\" data-e-type=\"section\">\n\t\t\t\t\t\t<div class=\"elementor-container elementor-column-gap-default\">\n\t\t\t\t\t<div class=\"elementor-column elementor-col-50 elementor-top-column elementor-element elementor-element-ad70e67\" data-id=\"ad70e67\" data-element_type=\"column\" data-e-type=\"column\">\n\t\t\t<div class=\"elementor-widget-wrap elementor-element-populated\">\n\t\t\t\t\t\t<div class=\"elementor-element elementor-element-2d66c3d elementor-widget elementor-widget-image\" data-id=\"2d66c3d\" data-element_type=\"widget\" data-e-type=\"widget\" data-widget_type=\"image.default\">\n\t\t\t\t<div class=\"elementor-widget-container\">\n\t\t\t\t\t\t\t\t\t\t\t\t\t\t\t<img loading=\"lazy\" decoding=\"async\" width=\"150\" height=\"200\" src=\"http:\/\/www.phil.bilkent.edu.tr\/wp-content\/uploads\/2021\/09\/Sen.jpeg\" class=\"attachment-large size-large wp-image-5756\" alt=\"\" \/>\t\t\t\t\t\t\t\t\t\t\t\t\t\t\t<\/div>\n\t\t\t\t<\/div>\n\t\t\t\t\t<\/div>\n\t\t<\/div>\n\t\t\t\t<div class=\"elementor-column elementor-col-50 elementor-top-column elementor-element elementor-element-cf598f1\" data-id=\"cf598f1\" data-element_type=\"column\" data-e-type=\"column\">\n\t\t\t<div class=\"elementor-widget-wrap elementor-element-populated\">\n\t\t\t\t\t\t<div class=\"elementor-element elementor-element-8e93d3f elementor-widget elementor-widget-text-editor\" data-id=\"8e93d3f\" data-element_type=\"widget\" data-e-type=\"widget\" data-widget_type=\"text-editor.default\">\n\t\t\t\t<div class=\"elementor-widget-container\">\n\t\t\t\t\t\t\t\t\t<p style=\"text-align: center;\"><span style=\"font-size: 14pt;\"><strong>Yavuz Selim \u015een<\/strong><\/span><\/p><p>Yavuz received their BA in Western Languages and Literatures with a double major in Philosophy at Bo\u011fazi\u00e7i University and a MA in Philosophy from Bilkent University. Their primary research interests are in ethics and social and political philosophy. They are especially interested in concepts of structural injustice, political normativity, membership, and recognition. In August 2023 he presented his co-authored paper entitled &#8220;Social Ontology Meets Political Realism&#8221; at the annual <a href=\"https:\/\/isosonline.org\/Social-Ontology-2023\">Social Ontology conference<\/a> at Stockholm University. In August 2025 he presented his paper &#8220;Political Moralism and Ressentiment&#8221; at the <a href=\"https:\/\/social.univie.ac.at\/events\/from-disappointment-to-bitterness-and-back\/\">From Disappointment to Bitterness and Back Workshop<\/a> at the University of Vienna.<\/p><p><strong>Email:<\/strong> selim.sen@bilkent.edu.tr<br \/><strong>Room: <\/strong>H-129B<\/p>\t\t\t\t\t\t\t\t<\/div>\n\t\t\t\t<\/div>\n\t\t\t\t\t<\/div>\n\t\t<\/div>\n\t\t\t\t\t<\/div>\n\t\t<\/section>\n\t\t\t\t<section class=\"elementor-section elementor-top-section elementor-element elementor-element-3b7ce7e elementor-section-boxed elementor-section-height-default elementor-section-height-default\" data-id=\"3b7ce7e\" data-element_type=\"section\" data-e-type=\"section\">\n\t\t\t\t\t\t<div class=\"elementor-container elementor-column-gap-default\">\n\t\t\t\t\t<div class=\"elementor-column elementor-col-50 elementor-top-column elementor-element elementor-element-e58efac\" data-id=\"e58efac\" data-element_type=\"column\" data-e-type=\"column\">\n\t\t\t<div class=\"elementor-widget-wrap elementor-element-populated\">\n\t\t\t\t\t\t<div class=\"elementor-element elementor-element-1ee6d4a elementor-widget elementor-widget-image\" data-id=\"1ee6d4a\" data-element_type=\"widget\" data-e-type=\"widget\" data-widget_type=\"image.default\">\n\t\t\t\t<div class=\"elementor-widget-container\">\n\t\t\t\t\t\t\t\t\t\t\t\t\t\t\t<img loading=\"lazy\" decoding=\"async\" width=\"150\" height=\"200\" src=\"http:\/\/www.phil.bilkent.edu.tr\/wp-content\/uploads\/2025\/01\/image.jpg\" class=\"attachment-large size-large wp-image-9232\" alt=\"\" \/>\t\t\t\t\t\t\t\t\t\t\t\t\t\t\t<\/div>\n\t\t\t\t<\/div>\n\t\t\t\t\t<\/div>\n\t\t<\/div>\n\t\t\t\t<div class=\"elementor-column elementor-col-50 elementor-top-column elementor-element elementor-element-47bf775\" data-id=\"47bf775\" data-element_type=\"column\" data-e-type=\"column\">\n\t\t\t<div class=\"elementor-widget-wrap elementor-element-populated\">\n\t\t\t\t\t\t<div class=\"elementor-element elementor-element-38b3ade elementor-widget elementor-widget-text-editor\" data-id=\"38b3ade\" data-element_type=\"widget\" data-e-type=\"widget\" data-widget_type=\"text-editor.default\">\n\t\t\t\t<div class=\"elementor-widget-container\">\n\t\t\t\t\t\t\t\t\t<p style=\"text-align: center;\"><span style=\"text-align: left; font-size: 18.6667px;\"><b>Kutlu Tuncel<\/b><\/span><\/p><p>Kutlu obtained his BA in Law from Ankara University. He received his MA in Philosophy from Middle East Technical University with a thesis entitled <a href=\"https:\/\/philpapers.org\/rec\/TUNKCA\">\u201cKant\u2019s Combat Against Empirical Idealism\u201d<\/a>. His primary research interests are Kant, perception, truth, and the intersection between these areas. He is also interested in early modern rationalists, especially Leibniz and Spinoza, and their modal metaphysics. Kutlu is the recipient of a Fulbright Grant to complete his doctoral studies in the United States. He participated in the <a href=\"http:\/\/www.phil.bilkent.edu.tr\/index.php\/event\/workshop-on-the-history-of-modal-metaphysics\/\">Princeton\u2013Bilkent Workshop on the History of Modal Metaphysics<\/a> (April\u2013May 2025) and the <a href=\"https:\/\/www.izph.de\/en\/15th-international-summer-school-in-german-philosophy-the-problem-of-skepticism\/\">15th International Summer School in German Philosophy: The Problem of Skepticism<\/a> at the University of Bonn (August 2025). In September 2025, he presented his paper \u201cThe Third Antinomy Reconsidered: Transcendental Illusion, Deflationary Reading, and Grounding\u201d at the <a href=\"https:\/\/www.ukks.co.uk\/conference.html\">UK Kant Society Annual Conference<\/a> at Sheffield University.<\/p><p><strong>Email:<\/strong> kutlu.tuncel@bilkent.edu.tr\u00a0<br \/><strong>Room: <\/strong>G-B36\u00a0<\/p>\t\t\t\t\t\t\t\t<\/div>\n\t\t\t\t<\/div>\n\t\t\t\t\t<\/div>\n\t\t<\/div>\n\t\t\t\t\t<\/div>\n\t\t<\/section>\n\t\t\t\t<section class=\"elementor-section elementor-top-section elementor-element elementor-element-00e13b6 elementor-section-boxed elementor-section-height-default elementor-section-height-default\" data-id=\"00e13b6\" data-element_type=\"section\" data-e-type=\"section\">\n\t\t\t\t\t\t<div class=\"elementor-container elementor-column-gap-default\">\n\t\t\t\t\t<div class=\"elementor-column elementor-col-50 elementor-top-column elementor-element elementor-element-118b1d1\" data-id=\"118b1d1\" data-element_type=\"column\" data-e-type=\"column\">\n\t\t\t<div class=\"elementor-widget-wrap elementor-element-populated\">\n\t\t\t\t\t\t<div class=\"elementor-element elementor-element-8a832d3 elementor-widget elementor-widget-image\" data-id=\"8a832d3\" data-element_type=\"widget\" data-e-type=\"widget\" data-widget_type=\"image.default\">\n\t\t\t\t<div class=\"elementor-widget-container\">\n\t\t\t\t\t\t\t\t\t\t\t\t\t\t\t<img loading=\"lazy\" decoding=\"async\" width=\"150\" height=\"200\" src=\"http:\/\/www.phil.bilkent.edu.tr\/wp-content\/uploads\/2021\/09\/yucel.jpeg\" class=\"attachment-large size-large wp-image-5759\" alt=\"\" \/>\t\t\t\t\t\t\t\t\t\t\t\t\t\t\t<\/div>\n\t\t\t\t<\/div>\n\t\t\t\t\t<\/div>\n\t\t<\/div>\n\t\t\t\t<div class=\"elementor-column elementor-col-50 elementor-top-column elementor-element elementor-element-df58dc8\" data-id=\"df58dc8\" data-element_type=\"column\" data-e-type=\"column\">\n\t\t\t<div class=\"elementor-widget-wrap elementor-element-populated\">\n\t\t\t\t\t\t<div class=\"elementor-element elementor-element-fc67bb5 elementor-widget elementor-widget-text-editor\" data-id=\"fc67bb5\" data-element_type=\"widget\" data-e-type=\"widget\" data-widget_type=\"text-editor.default\">\n\t\t\t\t<div class=\"elementor-widget-container\">\n\t\t\t\t\t\t\t\t\t<p style=\"text-align: center;\"><span style=\"font-size: 14pt;\"><strong>Eyl\u00fcl Y\u00fccel<\/strong><\/span><\/p><p><a href=\"https:\/\/eylulyucelphilosophy.weebly.com\/\">Eyl\u00fcl<\/a> received her BA and MA in Philosophy from Bilkent University. Her primary interests are History of Philosophy, Aesthetics and Animal Ethics. In September 2022 she presented at a workshop organized by the <a href=\"https:\/\/www.fernuni-hagen.de\/esemp\/index_en.html\">European Society for Early Modern Philosophy<\/a> at the University of Copenhagen. In October 2023 she presented at a seminar organized by <a href=\"https:\/\/www.newnarrativesinphilosophy.net\/seminars.html\">Extending New Narratives in the History of Philosophy<\/a> at McGill University. Her article entitled &#8220;The Place of Animals in Wollstonecraft\u2019s Early Educational Writings&#8221; is now published in\u00a0<a href=\"https:\/\/doi.org\/10.1017\/S0012217324000222\" target=\"_blank\" rel=\"noopener\">Dialogue: Canadian Philosophical Review<\/a>.<\/p><p><b>Web<\/b>:\u00a0<a style=\"font-family: var( --e-global-typography-text-font-family ), Sans-serif; font-weight: var( --e-global-typography-text-font-weight );\" href=\"https:\/\/eylulyucelphilosophy.weebly.com\/\" target=\"_blank\" rel=\"noopener\">https:\/\/eylulyucelphilosophy.weebly.com\/<\/a><\/p><p><strong>Email:<\/strong> eylul.yucel@bilkent.edu.tr<br \/><strong>Room: <\/strong>HZ-49<\/p>\t\t\t\t\t\t\t\t<\/div>\n\t\t\t\t<\/div>\n\t\t\t\t\t<\/div>\n\t\t<\/div>\n\t\t\t\t\t<\/div>\n\t\t<\/section>\n\t\t\t\t<\/div>\n\t\t","protected":false},"excerpt":{"rendered":"<p>Mert Ate\u015fsal Mert received his BA in Cultural Studies from Sabanc\u0131 University along with minors in Philosophy, Art Theory and Criticism, and Gender Studies. He then completed his MA in [&hellip;]<\/p>\n","protected":false},"author":2,"featured_media":0,"parent":0,"menu_order":0,"comment_status":"closed","ping_status":"closed","template":"","meta":{"inline_featured_image":false,"_monsterinsights_skip_tracking":false,"_monsterinsights_sitenote_active":false,"_monsterinsights_sitenote_note":"","_monsterinsights_sitenote_category":0,"ngg_post_thumbnail":0,"footnotes":""},"class_list":["post-7410","page","type-page","status-publish","hentry"],"yoast_head":"<!-- This site is optimized with the Yoast SEO plugin v27.4 - https:\/\/yoast.com\/product\/yoast-seo-wordpress\/ -->\n<title>PhD Students - Bilkent Philosophy<\/title>\n<meta name=\"robots\" content=\"index, follow, max-snippet:-1, max-image-preview:large, max-video-preview:-1\" \/>\n<link rel=\"canonical\" href=\"http:\/\/www.phil.bilkent.edu.tr\/index.php\/phd-students\/\" \/>\n<meta property=\"og:locale\" content=\"en_US\" \/>\n<meta property=\"og:type\" content=\"article\" \/>\n<meta property=\"og:title\" content=\"PhD Students - Bilkent Philosophy\" \/>\n<meta property=\"og:description\" content=\"Mert Ate\u015fsal Mert received his BA in Cultural Studies from Sabanc\u0131 University along with minors in Philosophy, Art Theory and Criticism, and Gender Studies. He then completed his MA in [&hellip;]\" \/>\n<meta property=\"og:url\" content=\"http:\/\/www.phil.bilkent.edu.tr\/index.php\/phd-students\/\" \/>\n<meta property=\"og:site_name\" content=\"Bilkent Philosophy\" \/>\n<meta property=\"article:publisher\" content=\"https:\/\/www.facebook.com\/bilkent.philosophy\" \/>\n<meta property=\"article:modified_time\" content=\"2026-04-03T12:36:37+00:00\" \/>\n<meta property=\"og:image\" content=\"http:\/\/www.phil.bilkent.edu.tr\/wp-content\/uploads\/2025\/12\/Passport-Photo.jpeg\" \/>\n\t<meta property=\"og:image:width\" content=\"150\" \/>\n\t<meta property=\"og:image:height\" content=\"200\" \/>\n\t<meta property=\"og:image:type\" content=\"image\/jpeg\" \/>\n<meta name=\"twitter:card\" content=\"summary_large_image\" \/>\n<meta name=\"twitter:site\" content=\"@BilkentPhil\" \/>\n<meta name=\"twitter:label1\" content=\"Est. reading time\" \/>\n\t<meta name=\"twitter:data1\" content=\"12 minutes\" \/>\n<script type=\"application\/ld+json\" class=\"yoast-schema-graph\">{\"@context\":\"https:\\\/\\\/schema.org\",\"@graph\":[{\"@type\":\"WebPage\",\"@id\":\"http:\\\/\\\/www.phil.bilkent.edu.tr\\\/index.php\\\/phd-students\\\/\",\"url\":\"http:\\\/\\\/www.phil.bilkent.edu.tr\\\/index.php\\\/phd-students\\\/\",\"name\":\"PhD Students - Bilkent Philosophy\",\"isPartOf\":{\"@id\":\"http:\\\/\\\/www.phil.bilkent.edu.tr\\\/#website\"},\"primaryImageOfPage\":{\"@id\":\"http:\\\/\\\/www.phil.bilkent.edu.tr\\\/index.php\\\/phd-students\\\/#primaryimage\"},\"image\":{\"@id\":\"http:\\\/\\\/www.phil.bilkent.edu.tr\\\/index.php\\\/phd-students\\\/#primaryimage\"},\"thumbnailUrl\":\"http:\\\/\\\/www.phil.bilkent.edu.tr\\\/wp-content\\\/uploads\\\/2025\\\/12\\\/Passport-Photo.jpeg\",\"datePublished\":\"2023-11-07T11:01:04+00:00\",\"dateModified\":\"2026-04-03T12:36:37+00:00\",\"breadcrumb\":{\"@id\":\"http:\\\/\\\/www.phil.bilkent.edu.tr\\\/index.php\\\/phd-students\\\/#breadcrumb\"},\"inLanguage\":\"en-US\",\"potentialAction\":[{\"@type\":\"ReadAction\",\"target\":[\"http:\\\/\\\/www.phil.bilkent.edu.tr\\\/index.php\\\/phd-students\\\/\"]}]},{\"@type\":\"ImageObject\",\"inLanguage\":\"en-US\",\"@id\":\"http:\\\/\\\/www.phil.bilkent.edu.tr\\\/index.php\\\/phd-students\\\/#primaryimage\",\"url\":\"http:\\\/\\\/www.phil.bilkent.edu.tr\\\/wp-content\\\/uploads\\\/2025\\\/12\\\/Passport-Photo.jpeg\",\"contentUrl\":\"http:\\\/\\\/www.phil.bilkent.edu.tr\\\/wp-content\\\/uploads\\\/2025\\\/12\\\/Passport-Photo.jpeg\",\"width\":150,\"height\":200},{\"@type\":\"BreadcrumbList\",\"@id\":\"http:\\\/\\\/www.phil.bilkent.edu.tr\\\/index.php\\\/phd-students\\\/#breadcrumb\",\"itemListElement\":[{\"@type\":\"ListItem\",\"position\":1,\"name\":\"Home\",\"item\":\"http:\\\/\\\/www.phil.bilkent.edu.tr\\\/\"},{\"@type\":\"ListItem\",\"position\":2,\"name\":\"PhD Students\"}]},{\"@type\":\"WebSite\",\"@id\":\"http:\\\/\\\/www.phil.bilkent.edu.tr\\\/#website\",\"url\":\"http:\\\/\\\/www.phil.bilkent.edu.tr\\\/\",\"name\":\"Bilkent Philosophy\",\"description\":\"Bilkent University\",\"publisher\":{\"@id\":\"http:\\\/\\\/www.phil.bilkent.edu.tr\\\/#organization\"},\"potentialAction\":[{\"@type\":\"SearchAction\",\"target\":{\"@type\":\"EntryPoint\",\"urlTemplate\":\"http:\\\/\\\/www.phil.bilkent.edu.tr\\\/?s={search_term_string}\"},\"query-input\":{\"@type\":\"PropertyValueSpecification\",\"valueRequired\":true,\"valueName\":\"search_term_string\"}}],\"inLanguage\":\"en-US\"},{\"@type\":\"Organization\",\"@id\":\"http:\\\/\\\/www.phil.bilkent.edu.tr\\\/#organization\",\"name\":\"Bilkent Philosophy\",\"url\":\"http:\\\/\\\/www.phil.bilkent.edu.tr\\\/\",\"logo\":{\"@type\":\"ImageObject\",\"inLanguage\":\"en-US\",\"@id\":\"http:\\\/\\\/www.phil.bilkent.edu.tr\\\/#\\\/schema\\\/logo\\\/image\\\/\",\"url\":\"http:\\\/\\\/www.phil.bilkent.edu.tr\\\/wp-content\\\/uploads\\\/2016\\\/10\\\/Bilkent-phil_logo.png\",\"contentUrl\":\"http:\\\/\\\/www.phil.bilkent.edu.tr\\\/wp-content\\\/uploads\\\/2016\\\/10\\\/Bilkent-phil_logo.png\",\"width\":328,\"height\":54,\"caption\":\"Bilkent Philosophy\"},\"image\":{\"@id\":\"http:\\\/\\\/www.phil.bilkent.edu.tr\\\/#\\\/schema\\\/logo\\\/image\\\/\"},\"sameAs\":[\"https:\\\/\\\/www.facebook.com\\\/bilkent.philosophy\",\"https:\\\/\\\/x.com\\\/BilkentPhil\",\"https:\\\/\\\/www.youtube.com\\\/channel\\\/UCzij4ZE6X-bu1d9t6DJhlLA\"]}]}<\/script>\n<!-- \/ Yoast SEO plugin. -->","yoast_head_json":{"title":"PhD Students - Bilkent Philosophy","robots":{"index":"index","follow":"follow","max-snippet":"max-snippet:-1","max-image-preview":"max-image-preview:large","max-video-preview":"max-video-preview:-1"},"canonical":"http:\/\/www.phil.bilkent.edu.tr\/index.php\/phd-students\/","og_locale":"en_US","og_type":"article","og_title":"PhD Students - Bilkent Philosophy","og_description":"Mert Ate\u015fsal Mert received his BA in Cultural Studies from Sabanc\u0131 University along with minors in Philosophy, Art Theory and Criticism, and Gender Studies. He then completed his MA in [&hellip;]","og_url":"http:\/\/www.phil.bilkent.edu.tr\/index.php\/phd-students\/","og_site_name":"Bilkent Philosophy","article_publisher":"https:\/\/www.facebook.com\/bilkent.philosophy","article_modified_time":"2026-04-03T12:36:37+00:00","og_image":[{"width":150,"height":200,"url":"http:\/\/www.phil.bilkent.edu.tr\/wp-content\/uploads\/2025\/12\/Passport-Photo.jpeg","type":"image\/jpeg"}],"twitter_card":"summary_large_image","twitter_site":"@BilkentPhil","twitter_misc":{"Est. reading time":"12 minutes"},"schema":{"@context":"https:\/\/schema.org","@graph":[{"@type":"WebPage","@id":"http:\/\/www.phil.bilkent.edu.tr\/index.php\/phd-students\/","url":"http:\/\/www.phil.bilkent.edu.tr\/index.php\/phd-students\/","name":"PhD Students - Bilkent Philosophy","isPartOf":{"@id":"http:\/\/www.phil.bilkent.edu.tr\/#website"},"primaryImageOfPage":{"@id":"http:\/\/www.phil.bilkent.edu.tr\/index.php\/phd-students\/#primaryimage"},"image":{"@id":"http:\/\/www.phil.bilkent.edu.tr\/index.php\/phd-students\/#primaryimage"},"thumbnailUrl":"http:\/\/www.phil.bilkent.edu.tr\/wp-content\/uploads\/2025\/12\/Passport-Photo.jpeg","datePublished":"2023-11-07T11:01:04+00:00","dateModified":"2026-04-03T12:36:37+00:00","breadcrumb":{"@id":"http:\/\/www.phil.bilkent.edu.tr\/index.php\/phd-students\/#breadcrumb"},"inLanguage":"en-US","potentialAction":[{"@type":"ReadAction","target":["http:\/\/www.phil.bilkent.edu.tr\/index.php\/phd-students\/"]}]},{"@type":"ImageObject","inLanguage":"en-US","@id":"http:\/\/www.phil.bilkent.edu.tr\/index.php\/phd-students\/#primaryimage","url":"http:\/\/www.phil.bilkent.edu.tr\/wp-content\/uploads\/2025\/12\/Passport-Photo.jpeg","contentUrl":"http:\/\/www.phil.bilkent.edu.tr\/wp-content\/uploads\/2025\/12\/Passport-Photo.jpeg","width":150,"height":200},{"@type":"BreadcrumbList","@id":"http:\/\/www.phil.bilkent.edu.tr\/index.php\/phd-students\/#breadcrumb","itemListElement":[{"@type":"ListItem","position":1,"name":"Home","item":"http:\/\/www.phil.bilkent.edu.tr\/"},{"@type":"ListItem","position":2,"name":"PhD Students"}]},{"@type":"WebSite","@id":"http:\/\/www.phil.bilkent.edu.tr\/#website","url":"http:\/\/www.phil.bilkent.edu.tr\/","name":"Bilkent Philosophy","description":"Bilkent University","publisher":{"@id":"http:\/\/www.phil.bilkent.edu.tr\/#organization"},"potentialAction":[{"@type":"SearchAction","target":{"@type":"EntryPoint","urlTemplate":"http:\/\/www.phil.bilkent.edu.tr\/?s={search_term_string}"},"query-input":{"@type":"PropertyValueSpecification","valueRequired":true,"valueName":"search_term_string"}}],"inLanguage":"en-US"},{"@type":"Organization","@id":"http:\/\/www.phil.bilkent.edu.tr\/#organization","name":"Bilkent Philosophy","url":"http:\/\/www.phil.bilkent.edu.tr\/","logo":{"@type":"ImageObject","inLanguage":"en-US","@id":"http:\/\/www.phil.bilkent.edu.tr\/#\/schema\/logo\/image\/","url":"http:\/\/www.phil.bilkent.edu.tr\/wp-content\/uploads\/2016\/10\/Bilkent-phil_logo.png","contentUrl":"http:\/\/www.phil.bilkent.edu.tr\/wp-content\/uploads\/2016\/10\/Bilkent-phil_logo.png","width":328,"height":54,"caption":"Bilkent Philosophy"},"image":{"@id":"http:\/\/www.phil.bilkent.edu.tr\/#\/schema\/logo\/image\/"},"sameAs":["https:\/\/www.facebook.com\/bilkent.philosophy","https:\/\/x.com\/BilkentPhil","https:\/\/www.youtube.com\/channel\/UCzij4ZE6X-bu1d9t6DJhlLA"]}]}},"_links":{"self":[{"href":"http:\/\/www.phil.bilkent.edu.tr\/index.php\/wp-json\/wp\/v2\/pages\/7410","targetHints":{"allow":["GET"]}}],"collection":[{"href":"http:\/\/www.phil.bilkent.edu.tr\/index.php\/wp-json\/wp\/v2\/pages"}],"about":[{"href":"http:\/\/www.phil.bilkent.edu.tr\/index.php\/wp-json\/wp\/v2\/types\/page"}],"author":[{"embeddable":true,"href":"http:\/\/www.phil.bilkent.edu.tr\/index.php\/wp-json\/wp\/v2\/users\/2"}],"replies":[{"embeddable":true,"href":"http:\/\/www.phil.bilkent.edu.tr\/index.php\/wp-json\/wp\/v2\/comments?post=7410"}],"version-history":[{"count":346,"href":"http:\/\/www.phil.bilkent.edu.tr\/index.php\/wp-json\/wp\/v2\/pages\/7410\/revisions"}],"predecessor-version":[{"id":11042,"href":"http:\/\/www.phil.bilkent.edu.tr\/index.php\/wp-json\/wp\/v2\/pages\/7410\/revisions\/11042"}],"wp:attachment":[{"href":"http:\/\/www.phil.bilkent.edu.tr\/index.php\/wp-json\/wp\/v2\/media?parent=7410"}],"curies":[{"name":"wp","href":"https:\/\/api.w.org\/{rel}","templated":true}]}}